{"id":128,"date":"2014-04-28T10:59:47","date_gmt":"2014-04-28T08:59:47","guid":{"rendered":"https:\/\/www.villabrunamalcesine.com\/?page_id=128"},"modified":"2023-11-22T17:34:58","modified_gmt":"2023-11-22T16:34:58","slug":"ferienwohnung-typ-2","status":"publish","type":"page","link":"https:\/\/www.villabrunamalcesine.com\/de\/ferienwohnungen-gardasee-direkt-am-see\/ferienwohnung-typ-2\/","title":{"rendered":"Ferienwohnung Typ 2"},"content":{"rendered":"ngg_shortcode_0_placeholder\n<p>Die Ferienwohnungen TYP 2 bieten Platz f\u00fcr 2 bzw. 4 Personen.<br \/>\nEs handelt sich hierbei um Zweizimmerwohnungen. Der Gro\u00dfteil unserer Wohnungen geh\u00f6rt zum TYP 2.<\/p>\n<p>Sie liegen im 1. oder im 2. Stock und sind alle mit einem Balkon versehen, der einen wundersch\u00f6nen Blick auf den Gardasee und das \u201eVal di Sogno\u201c (Traumtal) freigibt.<\/p>\n<p>Diese Wohnungen verf\u00fcgen \u00fcber einen gro\u00dfz\u00fcgigen Wohnraum mit Ausziehcouch (f\u00fcr zwei Personen), komplett eingerichtete K\u00fcchenzeile (deutsche Kaffeemaschine ist vorhanden), SAT- TV, ein Bad mit Dusche, Bidet und WC und ein separates Schlafzimmer mit Doppelbett. <\/p>\n<p>Einige der Zweizimmerwohnungen haben einen separaten Eingang mit einem kleinen angrenzenden Garten.<\/p>\n<h3>Ferienwohnung 4 Personen<\/h3>\n<table class=\"custom-table\" summary=\"Appartamento 2 + 2 Persone\">\n<tbody>\n<tr>\n<td><b>QM:<\/b><\/td>\n<td>ca. 42<\/td>\n<\/tr>\n<tr>\n<td><b>Belegung Standard:<\/b><\/td>\n<td>2 Personen<\/td>\n<\/tr>\n<tr>\n<td><b>Belegung max.:<\/b><\/td>\n<td> 4 Erw.(Schlafcouch)<\/td>\n<\/tr>\n<\/tbody>\n<\/table>\n<div class=\"divider\"><\/div>\n<h3>R\u00e4ume<\/h3>\n<table class=\"custom-table\" summary=\"R\u00e4ume\">\n<tbody>\n<col width=\"40%\">\n<col width=\"60%\">\n<tr>\n<td valign=\"top\"><strong>Wohn- Kochbereich:<\/strong><\/td>\n<td> Tisch mit 4 St\u00fchlen<br \/>\nKochnische<br \/>\nSchlafcouch<br \/>\nSAT-TV<\/td>\n<\/tr>\n<tr>\n<td valign=\"top\"><strong>Kochnische:<\/strong><\/td>\n<td>Elektrokochplatten (2 &#8211; 4 Platten)<br \/>\nGro\u00dfer K\u00fchlschrank mit Gefrierfach<br \/>\nDeutsche Kaffeemaschine<br \/>\nGeschirr und Kochgeschirr<\/td>\n<\/tr>\n<tr>\n<td><strong>Schlafzimmer:<\/strong><\/td>\n<td>1x Doppelbett<\/td>\n<\/tr>\n<tr>\n<td valign=\"top\"><strong>Badezimmer:<\/strong><\/td>\n<td>Wc<br \/>\nDusche<br \/>\nBidet<br \/>\nWaschbecken<\/td>\n<\/tr>\n<tr>\n<td><strong>Balkon:<\/strong><\/td>\n<td>Tisch mit St\u00fchlen<br \/>\nSonnenschirm<br \/>\nW\u00e4schest\u00e4nder<\/td>\n<\/tr>\n<\/tbody>\n<\/table>\n<div class=\"divider\"><\/div>\n<h3>Schlafgelegenheiten<\/h3>\n<p>Doppelbett = 2 Pers.<br \/>\nSchlafcouch = 1 bis 2 Erwachsene<\/p>\n<div class=\"divider\"><\/div>\n<p>F\u00fcr alle G\u00e4ste stehen im Appartementhaus kostenloses WLAN, zwei Waschmaschinen zur gemeinschaftlichen Nutzung und Abstellm\u00f6glichkeiten f\u00fcr Surf &#8211; und Segelausr\u00fcstung, Fahrr\u00e4der oder Motorr\u00e4der zur Verf\u00fcgung.<\/p>\n<p>Nehmen auch Sie die Gelegenheit wahr, von unserem privaten Badesteg oder von unserem oberhalb gelegenen Grillplatz, einen der wundersch\u00f6nen Sonnenunterg\u00e4nge am Gardasee zu genie\u00dfen.<\/p>\n<p>Pro Ferienwohnung ist ein Parkplatz auf dem Gel\u00e4nde bzw. ein Garagenplatz (je nach Verf\u00fcgbarkeit) im Preis inbegriffen.<\/p>\n\n<div class=\"divider\"><\/div>\n<h3>Bildergallerien<\/h3>\n<h4>Gallerie-1<\/h4>\nngg_shortcode_1_placeholder\n<h4>Gallerie-2<\/h4>\nngg_shortcode_2_placeholder\n<h4>Gallerie-3<\/h4>\nngg_shortcode_3_placeholder\n<div class=\"divider\"><\/div>\n<div class=\"simple \" style=\"background-color:#F5F5F5; color:#333333;\"><div class=\"inner-padding\">\n<p style=\"text-align:center;\">FERIENWOHNUNG TYP 2<br \/>WOCHENPREISE 4 PERSONEN<\/p>\n<table class=\"custom-table\" id=\"tablemobile\" summary=\"Ferienwohnung Typ 2\">\n<caption>Wochenpreise <div style=\"text-align:center;\">2026<br \/>&#8211; &#8211; &#8211;<\/div>\n<\/caption>\n<thead>\n<tr>\n<th scope=\"col\" >Ferienwohnungen<\/th>\n<th scope=\"col\" >Pers.<\/th>\n<th scope=\"col\">Saison A<\/th>\n<th scope=\"col\">Saison B<\/th>\n<th scope=\"col\">Saison C<\/th>\n<\/tr>\n<tr>\n<th>&nbsp;<\/th>\n<th>&nbsp;<\/th>\n<th><p>&#8211;<br \/>\n11.04 &#8211; 09.05<br \/>\n03.10 &#8211; 31.10<\/p>\n<\/th>\n<th><p>28.03 &#8211; 11.04<br \/>\n09.05 &#8211; 20.06<br \/>\n12.09 &#8211; 03.10<\/p>\n<\/th>\n<th><p>&#8211;<br \/>\n20.06 &#8211; 12.09<br \/>\n&#8211;<\/p>\n<\/th>\n<\/tr>\n<\/thead>\n<tbody>\n<tr>\n<td>Typ 2<\/td>\n<td>4<\/td>\n<td><p>595,00<\/p>\n<\/td>\n<td><p>665,00<\/p>\n<\/td>\n<td><p>770,00<\/p>\n<\/td>\n<\/tr>\n<\/tbody>\n<\/table>\n<p>*Wochenpreise f\u00fcr die angegebene Kapazit\u00e4t.<br \/>\n<p><strong>Person Zuschlag<\/strong><br \/>\n<strong>&#8211;TYP 2:<\/strong> 5.Person Zuschlag EUR 10.00 pro Nacht<br \/>\n<strong>&#8211;TYP 3:<\/strong> 6. und 7.Person Zuschlag von EUR 10.00 pro Nacht\/Person<\/p>\n\n<\/div><\/div>\n<div class=\"divider\"><\/div>\n<h3>IM PREIS INKLUSIVE:<\/h3>\n\n<ul class=\"list-2\">\n<li>Komplett eingerichtete Wohnung, Warm \u2013 und Kaltwasser<\/li>\n<li>Badezimmer: Dusche, Bidet und WC<\/li>\n<li>SAT- TV<\/li>\n<li>Gut ausgestattete K\u00fcchenzeile mit 2- 4 Elektroherdplatten, deutscher Kaffeemaschine und gro\u00dfem K\u00fchlschrank mit Eisfach<\/li>\n<li>M\u00f6blierter Balkon\/ Terrasse mit Sonnenschirm (TYP 2 und TYP 3)<\/li>\n<li>1 Parkplatz oder Garagenplatz pro Ferienwohnung<\/li>\n<li>WLAN- Zugang<\/li>\n<li>Grillplatz mit Grill zur gemeinschaftlichen Nutzung<\/li>\n<li>Zwei Waschmaschinen zur gemeinschaftlichen Nutzung<\/li>\n<li>Abstellm\u00f6glichkeit f\u00fcr Surf- und Segelausr\u00fcstung, Motorr\u00e4der und Fahrr\u00e4der<\/li>\n<li>Privater Badesteg<\/li>\n<li>Liegewiese zur gemeinschaftlichen Nutzung mit Sonnenliegen<\/li>\n<li>Endreinigung<\/li>\n<\/ul>\n\n<div class=\"divider\"><\/div>\n<h3>NICHT IM PREIS INKLUSIVE:<\/h3>\n\n<ul class=\"list-10\">\n<li>Boje auf Anfrage<\/li>\n<li>Bettw\u00e4sche und Handt\u00fccher sind mitzubringen oder gegen eine Geb\u00fchr von EUR 15.00 pro Person vor Ort zu mieten<\/li>\n<li>Kurtaxe: Die Kurtaxe ist nicht im Preis enthalten. Diese ist vor Ort zu zahlen und betr\u00e4gt EUR 1.50 pro Person\/Tag; Kinder bis 14 Jahre zahlen keine Kurtaxe (Stand 2024)<\/li>\n<li>Heizung in der Nebensaison je nach Bedarf gegen Aufpreis von EUR 35,00 (TYP 1), EUR 49.00 (TYP2\/TYP4) bzw. EUR 70.00 (TYP3) pro Woche m\u00f6glich.<\/li>\n<\/ul>\n\n<div class=\"divider\"><\/div>\n<h3>ZAHLUNGSKONDITIONEN:<\/h3>\n\n<ul class=\"list-3\">\n<li><strong>Buchung<\/strong> Bei Fixbuchung bitten wir um eine Anzahlung per Bank\u00fcberweisung auf unser Bankkonto von:\n<ul class=\"list-3\">\n<li>EUR 100.00 bei einem Gesamtbetrag bis EUR 1.000,00<\/li>\n<li>10% vom Gesamtbetrag bei Betr\u00e4gen ab EUR 1.000,00<\/li>\n<\/ul>\n<p>Unsere Bankdaten werden Ihnen mit unserer Buchungsbest\u00e4tigung bekannt gegeben.<\/li>\n<li><strong>Bezahlung<\/strong>: Die Bezahlung erfolgt im Voraus per Bank\u00fcberweisung oder vor Ort bei Anreise. Vor Ort ist die Bezahlung mit Bargeld, oder mit Kartenzahlung m\u00f6glich.<\/li>\n<li><strong>Stornierung<\/strong>:\u00a0Im Falle einer Stornierung behalten wir uns vor, die geleistete Anzahlung einzubehalten.\n<\/li>\n<\/ul>\n\n<div class=\"divider\"><\/div>\n<h3>AN- UND ABREISE:<\/h3>\n\n<ul class=\"list-7\">\n<li><strong>Anreisetag:<\/strong>: t\u00e4gliche Anreise m\u00f6glich (nach Absprache und nach Verf\u00fcgbarkeit)<\/li>\n<li><strong>Anreisezeit:<\/strong> ab 14.00 Uhr (individuelle Absprache m\u00f6glich); Sollten Sie sp\u00e4ter als vereinbart ankommen, bitten wir Sie uns zu kontaktieren<\/li>\n<li><strong>Abreisezeit:<\/strong> bis 9.30 Uhr am Abreisetag<\/li>\n<\/ul>\n\n<div class=\"divider\"><\/div>\n<h3>SONSTIGES:<\/h3>\n\n<ul class=\"list-7\">\n<li>In unseren Ferienwohnungen ist das Rauchen nicht gestattet<\/li>\n<li>kleine Haustiere nur auf Anfrage m\u00f6glich<\/li>\n<\/ul>\n\n\n<div class=\"divider\"><\/div>\n<div class=\"align-btn-center\"><a class=\"flat-custom-button\" href=\"https:\/\/www.villabrunamalcesine.com\/de\/ferienwohnungen-gardasee-direkt-am-see\/anfrage\/\" title=\"Unverbindliche Kostenlose Anfrage\"><span style=\"padding:10px 20px; background-color:#800303; border:1px solid #ffffff; color:#FFFFFF; font-size:14px;\">Zum Anfrageformular<\/span><\/a><\/div>\n","protected":false},"excerpt":{"rendered":"<p>Die Ferienwohnungen TYP 2 bieten Platz f\u00fcr 2 bzw. 4 Personen. Es handelt sich hierbei um Zweizimmerwohnungen. Der Gro\u00dfteil unserer Wohnungen geh\u00f6rt zum TYP 2. Sie liegen im 1. oder im 2. Stock und sind alle mit einem Balkon versehen, der einen wundersch\u00f6nen Blick auf den Gardasee<\/p>\n","protected":false},"author":1,"featured_media":519,"parent":91,"menu_order":1,"comment_status":"open","ping_status":"open","template":"","meta":{"ngg_post_thumbnail":0,"footnotes":""},"class_list":["post-128","page","type-page","status-publish","has-post-thumbnail","hentry"],"yoast_head":"<!-- This site is optimized with the Yoast SEO plugin v27.5 - https:\/\/yoast.com\/product\/yoast-seo-wordpress\/ -->\n<title>Ferienwohnung Typ 2 - Villa Bruna<\/title>\n<meta name=\"robots\" content=\"index, follow, max-snippet:-1, max-image-preview:large, max-video-preview:-1\" \/>\n<link rel=\"canonical\" href=\"https:\/\/www.villabrunamalcesine.com\/de\/ferienwohnungen-gardasee-direkt-am-see\/ferienwohnung-typ-2\/\" \/>\n<meta property=\"og:locale\" content=\"de_DE\" \/>\n<meta property=\"og:type\" content=\"article\" \/>\n<meta property=\"og:title\" content=\"Ferienwohnung Typ 2 - Villa Bruna\" \/>\n<meta property=\"og:description\" content=\"Die Ferienwohnungen TYP 2 bieten Platz f\u00fcr 2 bzw. 4 Personen. Es handelt sich hierbei um Zweizimmerwohnungen. Der Gro\u00dfteil unserer Wohnungen geh\u00f6rt zum TYP 2. Sie liegen im 1. oder im 2. Stock und sind alle mit einem Balkon versehen, der einen wundersch\u00f6nen Blick auf den Gardasee\" \/>\n<meta property=\"og:url\" content=\"https:\/\/www.villabrunamalcesine.com\/de\/ferienwohnungen-gardasee-direkt-am-see\/ferienwohnung-typ-2\/\" \/>\n<meta property=\"og:site_name\" content=\"Villa Bruna\" \/>\n<meta property=\"article:modified_time\" content=\"2023-11-22T16:34:58+00:00\" \/>\n<meta property=\"og:image\" content=\"https:\/\/www.villabrunamalcesine.com\/wp-content\/uploads\/ngg_featured\/ferienwohnung-malcesine-direkt-am-see-10.jpg\" \/>\n\t<meta property=\"og:image:width\" content=\"1024\" \/>\n\t<meta property=\"og:image:height\" content=\"683\" \/>\n\t<meta property=\"og:image:type\" content=\"image\/jpeg\" \/>\n<meta name=\"twitter:label1\" content=\"Gesch\u00e4tzte Lesezeit\" \/>\n\t<meta name=\"twitter:data1\" content=\"2\u00a0Minuten\" \/>\n<script type=\"application\/ld+json\" class=\"yoast-schema-graph\">{\"@context\":\"https:\\\/\\\/schema.org\",\"@graph\":[{\"@type\":\"WebPage\",\"@id\":\"https:\\\/\\\/www.villabrunamalcesine.com\\\/de\\\/ferienwohnungen-gardasee-direkt-am-see\\\/ferienwohnung-typ-2\\\/\",\"url\":\"https:\\\/\\\/www.villabrunamalcesine.com\\\/de\\\/ferienwohnungen-gardasee-direkt-am-see\\\/ferienwohnung-typ-2\\\/\",\"name\":\"Ferienwohnung Typ 2 - Villa Bruna\",\"isPartOf\":{\"@id\":\"https:\\\/\\\/www.villabrunamalcesine.com\\\/#website\"},\"primaryImageOfPage\":{\"@id\":\"https:\\\/\\\/www.villabrunamalcesine.com\\\/de\\\/ferienwohnungen-gardasee-direkt-am-see\\\/ferienwohnung-typ-2\\\/#primaryimage\"},\"image\":{\"@id\":\"https:\\\/\\\/www.villabrunamalcesine.com\\\/de\\\/ferienwohnungen-gardasee-direkt-am-see\\\/ferienwohnung-typ-2\\\/#primaryimage\"},\"thumbnailUrl\":\"https:\\\/\\\/www.villabrunamalcesine.com\\\/wp-content\\\/uploads\\\/ngg_featured\\\/ferienwohnung-malcesine-direkt-am-see-10.jpg\",\"datePublished\":\"2014-04-28T08:59:47+00:00\",\"dateModified\":\"2023-11-22T16:34:58+00:00\",\"breadcrumb\":{\"@id\":\"https:\\\/\\\/www.villabrunamalcesine.com\\\/de\\\/ferienwohnungen-gardasee-direkt-am-see\\\/ferienwohnung-typ-2\\\/#breadcrumb\"},\"inLanguage\":\"de\",\"potentialAction\":[{\"@type\":\"ReadAction\",\"target\":[\"https:\\\/\\\/www.villabrunamalcesine.com\\\/de\\\/ferienwohnungen-gardasee-direkt-am-see\\\/ferienwohnung-typ-2\\\/\"]}]},{\"@type\":\"ImageObject\",\"inLanguage\":\"de\",\"@id\":\"https:\\\/\\\/www.villabrunamalcesine.com\\\/de\\\/ferienwohnungen-gardasee-direkt-am-see\\\/ferienwohnung-typ-2\\\/#primaryimage\",\"url\":\"https:\\\/\\\/www.villabrunamalcesine.com\\\/wp-content\\\/uploads\\\/ngg_featured\\\/ferienwohnung-malcesine-direkt-am-see-10.jpg\",\"contentUrl\":\"https:\\\/\\\/www.villabrunamalcesine.com\\\/wp-content\\\/uploads\\\/ngg_featured\\\/ferienwohnung-malcesine-direkt-am-see-10.jpg\",\"width\":1024,\"height\":683},{\"@type\":\"BreadcrumbList\",\"@id\":\"https:\\\/\\\/www.villabrunamalcesine.com\\\/de\\\/ferienwohnungen-gardasee-direkt-am-see\\\/ferienwohnung-typ-2\\\/#breadcrumb\",\"itemListElement\":[{\"@type\":\"ListItem\",\"position\":1,\"name\":\"Home\",\"item\":\"https:\\\/\\\/www.villabrunamalcesine.com\\\/de\\\/\"},{\"@type\":\"ListItem\",\"position\":2,\"name\":\"Ferienwohnungen Gardasee Direkt am See\",\"item\":\"https:\\\/\\\/www.villabrunamalcesine.com\\\/de\\\/ferienwohnungen-gardasee-direkt-am-see\\\/\"},{\"@type\":\"ListItem\",\"position\":3,\"name\":\"Ferienwohnung Typ 2\"}]},{\"@type\":\"WebSite\",\"@id\":\"https:\\\/\\\/www.villabrunamalcesine.com\\\/#website\",\"url\":\"https:\\\/\\\/www.villabrunamalcesine.com\\\/\",\"name\":\"Villa Bruna\",\"description\":\"\",\"potentialAction\":[{\"@type\":\"SearchAction\",\"target\":{\"@type\":\"EntryPoint\",\"urlTemplate\":\"https:\\\/\\\/www.villabrunamalcesine.com\\\/?s={search_term_string}\"},\"query-input\":{\"@type\":\"PropertyValueSpecification\",\"valueRequired\":true,\"valueName\":\"search_term_string\"}}],\"inLanguage\":\"de\"}]}<\/script>\n<!-- \/ Yoast SEO plugin. -->","yoast_head_json":{"title":"Ferienwohnung Typ 2 - Villa Bruna","robots":{"index":"index","follow":"follow","max-snippet":"max-snippet:-1","max-image-preview":"max-image-preview:large","max-video-preview":"max-video-preview:-1"},"canonical":"https:\/\/www.villabrunamalcesine.com\/de\/ferienwohnungen-gardasee-direkt-am-see\/ferienwohnung-typ-2\/","og_locale":"de_DE","og_type":"article","og_title":"Ferienwohnung Typ 2 - Villa Bruna","og_description":"Die Ferienwohnungen TYP 2 bieten Platz f\u00fcr 2 bzw. 4 Personen. Es handelt sich hierbei um Zweizimmerwohnungen. Der Gro\u00dfteil unserer Wohnungen geh\u00f6rt zum TYP 2. Sie liegen im 1. oder im 2. Stock und sind alle mit einem Balkon versehen, der einen wundersch\u00f6nen Blick auf den Gardasee","og_url":"https:\/\/www.villabrunamalcesine.com\/de\/ferienwohnungen-gardasee-direkt-am-see\/ferienwohnung-typ-2\/","og_site_name":"Villa Bruna","article_modified_time":"2023-11-22T16:34:58+00:00","og_image":[{"width":1024,"height":683,"url":"https:\/\/www.villabrunamalcesine.com\/wp-content\/uploads\/ngg_featured\/ferienwohnung-malcesine-direkt-am-see-10.jpg","type":"image\/jpeg"}],"twitter_misc":{"Gesch\u00e4tzte Lesezeit":"2\u00a0Minuten"},"schema":{"@context":"https:\/\/schema.org","@graph":[{"@type":"WebPage","@id":"https:\/\/www.villabrunamalcesine.com\/de\/ferienwohnungen-gardasee-direkt-am-see\/ferienwohnung-typ-2\/","url":"https:\/\/www.villabrunamalcesine.com\/de\/ferienwohnungen-gardasee-direkt-am-see\/ferienwohnung-typ-2\/","name":"Ferienwohnung Typ 2 - Villa Bruna","isPartOf":{"@id":"https:\/\/www.villabrunamalcesine.com\/#website"},"primaryImageOfPage":{"@id":"https:\/\/www.villabrunamalcesine.com\/de\/ferienwohnungen-gardasee-direkt-am-see\/ferienwohnung-typ-2\/#primaryimage"},"image":{"@id":"https:\/\/www.villabrunamalcesine.com\/de\/ferienwohnungen-gardasee-direkt-am-see\/ferienwohnung-typ-2\/#primaryimage"},"thumbnailUrl":"https:\/\/www.villabrunamalcesine.com\/wp-content\/uploads\/ngg_featured\/ferienwohnung-malcesine-direkt-am-see-10.jpg","datePublished":"2014-04-28T08:59:47+00:00","dateModified":"2023-11-22T16:34:58+00:00","breadcrumb":{"@id":"https:\/\/www.villabrunamalcesine.com\/de\/ferienwohnungen-gardasee-direkt-am-see\/ferienwohnung-typ-2\/#breadcrumb"},"inLanguage":"de","potentialAction":[{"@type":"ReadAction","target":["https:\/\/www.villabrunamalcesine.com\/de\/ferienwohnungen-gardasee-direkt-am-see\/ferienwohnung-typ-2\/"]}]},{"@type":"ImageObject","inLanguage":"de","@id":"https:\/\/www.villabrunamalcesine.com\/de\/ferienwohnungen-gardasee-direkt-am-see\/ferienwohnung-typ-2\/#primaryimage","url":"https:\/\/www.villabrunamalcesine.com\/wp-content\/uploads\/ngg_featured\/ferienwohnung-malcesine-direkt-am-see-10.jpg","contentUrl":"https:\/\/www.villabrunamalcesine.com\/wp-content\/uploads\/ngg_featured\/ferienwohnung-malcesine-direkt-am-see-10.jpg","width":1024,"height":683},{"@type":"BreadcrumbList","@id":"https:\/\/www.villabrunamalcesine.com\/de\/ferienwohnungen-gardasee-direkt-am-see\/ferienwohnung-typ-2\/#breadcrumb","itemListElement":[{"@type":"ListItem","position":1,"name":"Home","item":"https:\/\/www.villabrunamalcesine.com\/de\/"},{"@type":"ListItem","position":2,"name":"Ferienwohnungen Gardasee Direkt am See","item":"https:\/\/www.villabrunamalcesine.com\/de\/ferienwohnungen-gardasee-direkt-am-see\/"},{"@type":"ListItem","position":3,"name":"Ferienwohnung Typ 2"}]},{"@type":"WebSite","@id":"https:\/\/www.villabrunamalcesine.com\/#website","url":"https:\/\/www.villabrunamalcesine.com\/","name":"Villa Bruna","description":"","potentialAction":[{"@type":"SearchAction","target":{"@type":"EntryPoint","urlTemplate":"https:\/\/www.villabrunamalcesine.com\/?s={search_term_string}"},"query-input":{"@type":"PropertyValueSpecification","valueRequired":true,"valueName":"search_term_string"}}],"inLanguage":"de"}]}},"_links":{"self":[{"href":"https:\/\/www.villabrunamalcesine.com\/de\/wp-json\/wp\/v2\/pages\/128","targetHints":{"allow":["GET"]}}],"collection":[{"href":"https:\/\/www.villabrunamalcesine.com\/de\/wp-json\/wp\/v2\/pages"}],"about":[{"href":"https:\/\/www.villabrunamalcesine.com\/de\/wp-json\/wp\/v2\/types\/page"}],"author":[{"embeddable":true,"href":"https:\/\/www.villabrunamalcesine.com\/de\/wp-json\/wp\/v2\/users\/1"}],"replies":[{"embeddable":true,"href":"https:\/\/www.villabrunamalcesine.com\/de\/wp-json\/wp\/v2\/comments?post=128"}],"version-history":[{"count":35,"href":"https:\/\/www.villabrunamalcesine.com\/de\/wp-json\/wp\/v2\/pages\/128\/revisions"}],"predecessor-version":[{"id":1865,"href":"https:\/\/www.villabrunamalcesine.com\/de\/wp-json\/wp\/v2\/pages\/128\/revisions\/1865"}],"up":[{"embeddable":true,"href":"https:\/\/www.villabrunamalcesine.com\/de\/wp-json\/wp\/v2\/pages\/91"}],"wp:featuredmedia":[{"embeddable":true,"href":"https:\/\/www.villabrunamalcesine.com\/de\/wp-json\/wp\/v2\/media\/519"}],"wp:attachment":[{"href":"https:\/\/www.villabrunamalcesine.com\/de\/wp-json\/wp\/v2\/media?parent=128"}],"curies":[{"name":"wp","href":"https:\/\/api.w.org\/{rel}","templated":true}]}}